{"id":29293,"date":"2015-04-23T12:57:21","date_gmt":"2015-04-23T10:57:21","guid":{"rendered":"https:\/\/rentals.crealogica.eu\/terminos-y-condiciones\/"},"modified":"2022-10-10T12:33:59","modified_gmt":"2022-10-10T10:33:59","slug":"termes-i-condicions","status":"publish","type":"page","link":"https:\/\/www.bysrentals.com\/ca\/termes-i-condicions\/","title":{"rendered":"Termes i condicions"},"content":{"rendered":"\n<h2 class=\"wp-block-heading\"><strong>La reserva de l&#8217;apartament<\/strong><\/h2>\n\n\n\n<p>La reserva de l&#8217;apartament es realitza mitjan\u00e7ant el pagament del dip\u00f2sit de lloguer d\u2019aquell apartament que s&#8217;ha de fer a la web a trav\u00e9s de la passarel\u00b7la de pagament.<\/p>\n\n\n\n<p>La vostra reserva no ser\u00e0 confirmada fins que ByS Rentals hagi rebut el prepagament del dip\u00f2sit de lloguer i vost\u00e8 hagi rebut un e-mail de confirmaci\u00f3 de ByS Rentals.<\/p>\n\n\n\n<p>En aquest email de confirmaci\u00f3 trobareu l&#8217;adre\u00e7a exacta de l&#8217;apartament, detalls de contacte, import restant a pagar i la resta d&#8217;instruccions per a l&#8217;arribada i la sortida.<\/p>\n\n\n\n<p>Una setmana abans de l&#8217;arribada, haureu de pagar l&#8217;import restant del lloguer i la taxa tur\u00edstica a trav\u00e9s d&#8217;una transfer\u00e8ncia banc\u00e0ria.<\/p>\n\n\n\n<h2 class=\"wp-block-heading\"><strong>La fian\u00e7a en garantia<\/strong><\/h2>\n\n\n\n<p>n arribar, se us demanar\u00e0 que proporcioneu una fian\u00e7a en garantia, aix\u00ed com el n\u00famero d&#8217;una targeta de cr\u00e8dit v\u00e0lida per garantir que l&#8217;apartament i el seu contingut es tornen en bones condicions.<\/p>\n\n\n\n<p>Si us plau, recordeu qu\u00e8 en acceptar els nostres Termes i Condicions, vost\u00e8 est\u00e0 d&#8217;acord que qualsevol dany causat per vost\u00e8 o els seus companys es deduir\u00e0 de la seva fian\u00e7a i que vost\u00e8 tamb\u00e9 es responsabilitza per qualsevol dany que excedeixi l&#8217;import de la fian\u00e7a.<\/p>\n\n\n\n<p>Segons l&#8217;apartament ofert, es demanar\u00e0 en arribar una fian\u00e7a en garantia entre 150\u20ac i 500\u20ac.<\/p>\n\n\n\n<p>La fian\u00e7a se us reemborsar\u00e0 per complet, en el vostre check-out, despr\u00e9s de la inspecci\u00f3 de l&#8217;apartament per comprovar que no hagi estat danyat.<\/p>\n\n\n\n<h2 class=\"wp-block-heading\"><strong>La cancel\u00b7laci\u00f3 del lloguer<\/strong><\/h2>\n\n\n\n<p>Les cancel\u00b7lacions o canvis s&#8217;han de fer per escrit via e-mail. No s&#8217;accepten cancel\u00b7lacions ni canvis per tel\u00e8fon.<\/p>\n\n\n\n<p>Si cancel\u00b7leu una reserva, nom\u00e9s perdreu el dip\u00f2sit de reserva ja pagat.<\/p>\n\n\n\n<p>Si el client canvia les dates o l&#8217;apartament, s&#8217;entendr\u00e0 com una reserva nova i estar\u00e0 subjecta a les condicions de cancel\u00b7laci\u00f3.<\/p>\n\n\n\n<p>Es recomana contractar una asseguran\u00e7a de cancel\u00b7laci\u00f3 de viatges. Qualsevol cancel\u00b7laci\u00f3, incloent-hi forces majors, estar\u00e0 subjecta a la nostra clara i senzilla pol\u00edtica de cancel\u00b7laci\u00f3 aqu\u00ed esmentada.<\/p>\n\n\n\n<p>Si ByS Rentals no pogu\u00e9s proporcionar al client la propietat que ha reservat, ens posarem en contacte amb vost\u00e8 per oferir una altra propietat amb caracter\u00edstiques similars. En cas de no arribar a un acord, se li reemborsar\u00e0 la quantitat pagada.<\/p>\n\n\n\n<h2 class=\"wp-block-heading\"><strong>L&#8217;arribada i la sortida<\/strong><\/h2>\n\n\n\n<p>Us preguem que us assegureu que disposem de la vostra hora d&#8217;arribada actualitzada per tal que puguem planejar el vostre check-in i mantenir la vostra persona de contacte informada sobre qualsevol retard o canvi.<\/p>\n\n\n\n<p>La persona de contacte disposar\u00e0 del vostre n\u00famero de tel\u00e8fon i adre\u00e7a de correu electr\u00f2nic per si necessit\u00e9s contactar-lo respecte a la seva hora arribada. Podeu enviar aquesta informaci\u00f3 via e-mail a <a href=\"mailto:info@bysrentals.com\">info@bysrentals.com<\/a>.<\/p>\n\n\n\n<p>El vostre e-mail de confirmaci\u00f3 d&#8217;arribada i sortida diu clarament on trobar-vos amb la persona de contacte el dia de la vostra arribada.<\/p>\n\n\n\n<h2 class=\"wp-block-heading\"><strong>El dia d&#8217;arribada<\/strong><\/h2>\n\n\n\n<p>Cal que truqueu a la vostra persona de contacte quan arribeu a l&#8217;aeroport (o 30 minuts abans d&#8217;arribar a l\u2019apartament).<\/p>\n\n\n\n<p>L&#8217;apartament estar\u00e0 disponible a partir de les 15:00 hores. \u00c9s molt important que tinguem una hora actualitzada.<\/p>\n\n\n\n<p>Si us plau recordeu: El check-in es fa entre les 15.00h i les 22.00h, les arribades entre les 22h i les 24h tenen un suplement de 30\u20ac. Les arribades a partir de les 24h tenen un suplement de 50\u20ac.<\/p>\n\n\n\n<h2 class=\"wp-block-heading\"><strong>El dia de la sortida de l&#8217;apartament<\/strong><\/h2>\n\n\n\n<p>Les sortides s&#8217;han de fer abans de les 11:00 h.<\/p>\n\n\n\n<p>El dia de la vostra sortida haureu de deixar el vostre apartament en perfecte estat, ordenat i haver llen\u00e7at les escombraries correctament. Si no, se us carregar\u00e0 el cost d&#8217;una neteja addicional.<\/p>\n\n\n\n<h2 class=\"wp-block-heading\"><strong>El nombre i la identitat dels hostes<\/strong><\/h2>\n\n\n\n<p>El client informar\u00e0 ByS Rentals del nombre d&#8217;hostes inclosos a la reserva.<\/p>\n\n\n\n<p>Si no s&#8217;ha acordat amb ByS Rentals d&#8217;una altra manera, nom\u00e9s el nombre de persones indicades pel client quan va fer la reserva, ser\u00e0 l&#8217;autoritzat per utilitzar l&#8217;apartament.<\/p>\n\n\n\n<p>El nombre de persones que podeu utilitzar l&#8217;apartament no ha d&#8217;excedir el nombre de persones assignades per a cada apartament, excepte en el cas de nens menors de dos anys.<\/p>\n\n\n\n<p>Les mascotes nom\u00e9s es permeten si s&#8217;ha concedit perm\u00eds espec\u00edficament.<\/p>\n\n\n\n<p>En el moment que es cometi alguna infracci\u00f3 de les obligacions pr\u00e8viament esmentades, ByS Rentals per propis criteris tindr\u00e0 el dret de demanar al client que abandoni l&#8217;apartament, i el client no tindr\u00e0 dret a reclamar cap mena de compensaci\u00f3.<\/p>\n\n\n\n<h2 class=\"wp-block-heading\"><strong>El comportament<\/strong><\/h2>\n\n\n\n<p>La m\u00fasica alta i les festes estan prohibides. Els hostes que s&#8217;allotgin en un apartament de ByS Rentals han de saber qu\u00e8 si es produeixen festes o s&#8217;escolta m\u00fasica alta, o els ve\u00efns es queixen i\/o criden a la policia, aix\u00f2 pot donar lloc a un desallotjament immediat sense importar l&#8217;hora del dia o nit.<\/p>\n\n\n\n<p>Us preguem que respecteu les hores de descans, que s\u00f3n de 22.00 PM a les 10.00 AM.<\/p>\n\n\n\n<h2 class=\"wp-block-heading\"><strong>Les responsabilitats<\/strong><\/h2>\n\n\n\n<p>Ni ByS Rentals ni el propietari de l&#8217;apartament seran responsables de cap dany directe o indirecte que es pugui produir com a conseq\u00fc\u00e8ncia de l&#8217;\u00fas que hagi fet el client de l&#8217;apartament, incloent-hi sense l\u00edmit danys, asseguran\u00e7a, p\u00e8rdues a causa d&#8217;incendis, robatoris o comportaments criminals.<\/p>\n\n\n\n<p>En cas de qualsevol infracci\u00f3 de les obligacions pr\u00e8viament esmentades, ByS Rentals per propis criteris tindr\u00e0 dret a demanar al client que abandoni l&#8217;apartament, i el client no tindr\u00e0 dret a reclamar cap tipus de compensaci\u00f3.<\/p>\n\n\n\n<h2 class=\"wp-block-heading\"><strong>La nostra P\u00e0gina Web<\/strong><\/h2>\n\n\n\n<h3 class=\"wp-block-heading\"><strong>1. Cl\u00e0usula LOPD<\/strong><\/h3>\n\n\n\n<p>D&#8217;acord amb all\u00f2 establert a la legislaci\u00f3 vigent en mat\u00e8ria de Protecci\u00f3 de Dades de Car\u00e0cter Personal, queda informat i accepta la incorporaci\u00f3 de les seves dades, a les \u00faniques finalitats de realitzar la gesti\u00f3 encomanada, informar i mantenir la relaci\u00f3 comercial, al fitxer automatitzat responsabilitat de ByS Rentals (Roger Abad Pons) a qui podr\u00e0 adre\u00e7ar-se per exercitar els drets d&#8217;acc\u00e9s, rectificaci\u00f3, cancel\u00b7laci\u00f3 i oposici\u00f3 continguts a la Llei per correu electr\u00f2nic <a href=\"mailto:info@bysrentals.com\">info@bysrentals.com<\/a><\/p>\n\n\n\n<p>En compliment del que preveu l&#8217;article 21 de la Llei 34\/2002 de serveis de la societat de la informaci\u00f3 i comer\u00e7 electr\u00f2nic, si no voleu rebre m\u00e9s informaci\u00f3 sobre els nostres serveis, podeu donar-vos de baixa a la seg\u00fcent adre\u00e7a de correu electr\u00f2nic <a href=\"mailto:info@bysrentals.com\">info@bysrentals.com<\/a>, indicant a l&#8217;assumpte \u201cbaixa\u201d o \u201cno enviar correus\u201d.<\/p>\n\n\n\n<h3 class=\"wp-block-heading\"><strong>2. Av\u00eds legal web:<\/strong><\/h3>\n\n\n\n<p>Aquest lloc web \u00e9s propietat de ByS Rentals (Roger Abad Pons NIF 23866519V).<\/p>\n","protected":false},"excerpt":{"rendered":"<p>La reserva de l&#8217;apartament La reserva de l&#8217;apartament es realitza mitjan\u00e7ant el pagament del dip\u00f2sit de lloguer d\u2019aquell apartament que s&#8217;ha de fer a la web a trav\u00e9s de la passarel\u00b7la de pagament. La vostra reserva no ser\u00e0 confirmada fins que ByS Rentals hagi rebut el prepagament del dip\u00f2sit de lloguer i vost\u00e8 hagi rebut &#8230;<\/p>\n","protected":false},"author":1,"featured_media":0,"parent":0,"menu_order":0,"comment_status":"closed","ping_status":"closed","template":"terms_conditions.php","meta":{"_seopress_robots_primary_cat":"","_seopress_titles_title":"","_seopress_titles_desc":"","_seopress_robots_index":"","inline_featured_image":false,"footnotes":""},"class_list":["post-29293","page","type-page","status-publish","hentry"],"_links":{"self":[{"href":"https:\/\/www.bysrentals.com\/ca\/wp-json\/wp\/v2\/pages\/29293","targetHints":{"allow":["GET"]}}],"collection":[{"href":"https:\/\/www.bysrentals.com\/ca\/wp-json\/wp\/v2\/pages"}],"about":[{"href":"https:\/\/www.bysrentals.com\/ca\/wp-json\/wp\/v2\/types\/page"}],"author":[{"embeddable":true,"href":"https:\/\/www.bysrentals.com\/ca\/wp-json\/wp\/v2\/users\/1"}],"replies":[{"embeddable":true,"href":"https:\/\/www.bysrentals.com\/ca\/wp-json\/wp\/v2\/comments?post=29293"}],"version-history":[{"count":5,"href":"https:\/\/www.bysrentals.com\/ca\/wp-json\/wp\/v2\/pages\/29293\/revisions"}],"predecessor-version":[{"id":29813,"href":"https:\/\/www.bysrentals.com\/ca\/wp-json\/wp\/v2\/pages\/29293\/revisions\/29813"}],"wp:attachment":[{"href":"https:\/\/www.bysrentals.com\/ca\/wp-json\/wp\/v2\/media?parent=29293"}],"curies":[{"name":"wp","href":"https:\/\/api.w.org\/{rel}","templated":true}]}}